{"id":416,"date":"2017-07-12T07:48:55","date_gmt":"2017-07-12T07:48:55","guid":{"rendered":"http:\/\/reitverein.co.at\/?page_id=416"},"modified":"2024-05-31T11:03:01","modified_gmt":"2024-05-31T11:03:01","slug":"unterseite-aussenanlage","status":"publish","type":"page","link":"http:\/\/reitverein.co.at\/?page_id=416","title":{"rendered":"Au\u00dfenanlage"},"content":{"rendered":"<h1>Hallen und Au\u00dfenpl\u00e4tze<\/h1>\n<p><strong>Hallen<br \/>\n<\/strong><\/p>\n<p>Wir bieten 3 Hallen mit Sand-Flie\u00dfb\u00f6den<\/p>\n<ul>\n<li style=\"list-style-type: none;\">\n<ul>\n<li style=\"list-style-type: none;\">\n<ul>\n<li style=\"list-style-type: none;\">\n<ul>\n<li>25 m x 60 m mit Trib\u00fcne<\/li>\n<li>20 m x 40 m<\/li>\n<li>15 m x 20 m Longier- Bewegungshalle mit 5 Gastboxen\n<p>Alle Reithallen werden t\u00e4glich geplant und verf\u00fcgen \u00fcber Sand &amp; Flie\u00dfb\u00f6den. Pferde sind Bewegungstiere und m\u00f6chten gerne auch einmal richtig Gas geben.<br \/>\n<span style=\"font-size: 1rem;\">Aus diesem Grund erlauben wir unter Aufsicht das <\/span><b style=\"font-size: 1rem;\">FREILAUFEN<\/b><span style=\"font-size: 1rem;\"> in\u00a0 der<\/span>40er\u00a0 Halle.<\/li>\n<\/ul>\n<\/li>\n<\/ul>\n<\/li>\n<\/ul>\n<\/li>\n<\/ul>\n<p><b><i><strong>Reitpl\u00e4tze\u00a0<\/strong><\/i><\/b><\/p>\n<p>Wir bieten 2 Reitpl\u00e4tze mit Sand-Flie\u00dfb\u00f6den<\/p>\n<ul>\n<li style=\"list-style-type: none;\">\n<ul>\n<li style=\"list-style-type: none;\">\n<ul>\n<li style=\"list-style-type: none;\">\n<ul>\n<li>20 m x 60 m<\/li>\n<li>35 m x 45 m\n<p>Alle Reithallen werden t\u00e4glich geplant und verf\u00fcgen \u00fcber Sand &amp; Flie\u00dfb\u00f6den. Pferde sind Bewegungstiere und m\u00f6chten gerne auch einmal richtig Gas geben.<br \/>\n<span style=\"font-size: 1rem;\">Aus diesem Grund erlauben wir unter Aufsicht das <\/span><b style=\"font-size: 1rem;\">FREILAUFEN<\/b><span style=\"font-size: 1rem;\"> in\u00a0 der<\/span>40er\u00a0 Halle.<\/li>\n<\/ul>\n<\/li>\n<\/ul>\n<\/li>\n<\/ul>\n<\/li>\n<\/ul>\n<div id='gallery-1' class='gallery galleryid-416 gallery-columns-3 gallery-size-thumbnail'><figure class='gallery-item'>\n\t\t\t<div class='gallery-icon landscape'>\n\t\t\t\t<a href='http:\/\/reitverein.co.at\/?attachment_id=391'><img loading=\"lazy\" decoding=\"async\" width=\"150\" height=\"150\" src=\"http:\/\/reitverein.co.at\/wp-content\/uploads\/2017\/07\/2014-10-12-13.47.39-150x150.jpg\" class=\"attachment-thumbnail size-thumbnail\" alt=\"\" aria-describedby=\"gallery-1-391\" srcset=\"http:\/\/reitverein.co.at\/wp-content\/uploads\/2017\/07\/2014-10-12-13.47.39-150x150.jpg 150w, http:\/\/reitverein.co.at\/wp-content\/uploads\/2017\/07\/2014-10-12-13.47.39-100x100.jpg 100w\" sizes=\"auto, 100vw\" \/><\/a>\n\t\t\t<\/div>\n\t\t\t\t<figcaption class='wp-caption-text gallery-caption' id='gallery-1-391'>\n\t\t\t\tViereck 2\n\t\t\t\t<\/figcaption><\/figure><figure class='gallery-item'>\n\t\t\t<div class='gallery-icon landscape'>\n\t\t\t\t<a href='http:\/\/reitverein.co.at\/?attachment_id=392'><img loading=\"lazy\" decoding=\"async\" width=\"150\" height=\"150\" src=\"http:\/\/reitverein.co.at\/wp-content\/uploads\/2017\/07\/Viereck-150x150.jpg\" class=\"attachment-thumbnail size-thumbnail\" alt=\"\" aria-describedby=\"gallery-1-392\" srcset=\"http:\/\/reitverein.co.at\/wp-content\/uploads\/2017\/07\/Viereck-150x150.jpg 150w, http:\/\/reitverein.co.at\/wp-content\/uploads\/2017\/07\/Viereck-100x100.jpg 100w\" sizes=\"auto, 100vw\" \/><\/a>\n\t\t\t<\/div>\n\t\t\t\t<figcaption class='wp-caption-text gallery-caption' id='gallery-1-392'>\n\t\t\t\t Viereck 2\n\t\t\t\t<\/figcaption><\/figure><figure class='gallery-item'>\n\t\t\t<div class='gallery-icon landscape'>\n\t\t\t\t<a href='http:\/\/reitverein.co.at\/?attachment_id=341'><img loading=\"lazy\" decoding=\"async\" width=\"150\" height=\"150\" src=\"http:\/\/reitverein.co.at\/wp-content\/uploads\/2017\/06\/NN4A5307-150x150.jpg\" class=\"attachment-thumbnail size-thumbnail\" alt=\"\" aria-describedby=\"gallery-1-341\" srcset=\"http:\/\/reitverein.co.at\/wp-content\/uploads\/2017\/06\/NN4A5307-150x150.jpg 150w, http:\/\/reitverein.co.at\/wp-content\/uploads\/2017\/06\/NN4A5307-100x100.jpg 100w\" sizes=\"auto, 100vw\" \/><\/a>\n\t\t\t<\/div>\n\t\t\t\t<figcaption class='wp-caption-text gallery-caption' id='gallery-1-341'>\n\t\t\t\tSprungplatz \n\t\t\t\t<\/figcaption><\/figure>\n\t\t<\/div>\n\n","protected":false},"excerpt":{"rendered":"<p>Hallen und Au\u00dfenpl\u00e4tze Hallen Wir bieten 3 Hallen mit Sand-Flie\u00dfb\u00f6den 25 m x 60 m mit Trib\u00fcne 20 m x 40 m 15 m x 20 m Longier- Bewegungshalle mit 5 Gastboxen Alle Reithallen werden t\u00e4glich geplant und verf\u00fcgen \u00fcber Sand &amp; Flie\u00dfb\u00f6den. Pferde sind Bewegungstiere und m\u00f6chten gerne auch einmal richtig Gas geben. Aus &hellip; <\/p>\n<p class=\"link-more\"><a href=\"http:\/\/reitverein.co.at\/?page_id=416\" class=\"more-link\"><span class=\"screen-reader-text\">\u201eAu\u00dfenanlage\u201c<\/span> weiterlesen<\/a><\/p>\n","protected":false},"author":1,"featured_media":0,"parent":10,"menu_order":2,"comment_status":"closed","ping_status":"closed","template":"","meta":{"footnotes":""},"class_list":["post-416","page","type-page","status-publish","hentry"],"_links":{"self":[{"href":"http:\/\/reitverein.co.at\/index.php?rest_route=\/wp\/v2\/pages\/416","targetHints":{"allow":["GET"]}}],"collection":[{"href":"http:\/\/reitverein.co.at\/index.php?rest_route=\/wp\/v2\/pages"}],"about":[{"href":"http:\/\/reitverein.co.at\/index.php?rest_route=\/wp\/v2\/types\/page"}],"author":[{"embeddable":true,"href":"http:\/\/reitverein.co.at\/index.php?rest_route=\/wp\/v2\/users\/1"}],"replies":[{"embeddable":true,"href":"http:\/\/reitverein.co.at\/index.php?rest_route=%2Fwp%2Fv2%2Fcomments&post=416"}],"version-history":[{"count":8,"href":"http:\/\/reitverein.co.at\/index.php?rest_route=\/wp\/v2\/pages\/416\/revisions"}],"predecessor-version":[{"id":884,"href":"http:\/\/reitverein.co.at\/index.php?rest_route=\/wp\/v2\/pages\/416\/revisions\/884"}],"up":[{"embeddable":true,"href":"http:\/\/reitverein.co.at\/index.php?rest_route=\/wp\/v2\/pages\/10"}],"wp:attachment":[{"href":"http:\/\/reitverein.co.at\/index.php?rest_route=%2Fwp%2Fv2%2Fmedia&parent=416"}],"curies":[{"name":"wp","href":"https:\/\/api.w.org\/{rel}","templated":true}]}}