{"id":342,"date":"2017-07-12T07:42:23","date_gmt":"2017-07-12T07:42:23","guid":{"rendered":"http:\/\/reitverein.co.at\/?page_id=342"},"modified":"2024-06-09T13:44:31","modified_gmt":"2024-06-09T13:44:31","slug":"unterseite-stallungen","status":"publish","type":"page","link":"http:\/\/reitverein.co.at\/?page_id=342","title":{"rendered":"Stallungen"},"content":{"rendered":"<h1>Stallungen<\/h1>\n<p><strong>Stalltrakt \u00a0I<\/strong><br \/>\nverf\u00fcgt \u00fcber 16 Innenboxen, einem Solarium, direkten Zugang zur kleinen Halle.<\/p>\n<div id='gallery-1' class='gallery galleryid-342 gallery-columns-3 gallery-size-thumbnail'><figure class='gallery-item'>\n\t\t\t<div class='gallery-icon landscape'>\n\t\t\t\t<a href='http:\/\/reitverein.co.at\/?attachment_id=339'><img loading=\"lazy\" decoding=\"async\" width=\"150\" height=\"150\" src=\"http:\/\/reitverein.co.at\/wp-content\/uploads\/2017\/06\/NN4A5339-150x150.jpg\" class=\"attachment-thumbnail size-thumbnail\" alt=\"\" aria-describedby=\"gallery-1-339\" srcset=\"http:\/\/reitverein.co.at\/wp-content\/uploads\/2017\/06\/NN4A5339-150x150.jpg 150w, http:\/\/reitverein.co.at\/wp-content\/uploads\/2017\/06\/NN4A5339-100x100.jpg 100w\" sizes=\"auto, 100vw\" \/><\/a>\n\t\t\t<\/div>\n\t\t\t\t<figcaption class='wp-caption-text gallery-caption' id='gallery-1-339'>\n\t\t\t\tStalltrakt1\n\t\t\t\t<\/figcaption><\/figure><figure class='gallery-item'>\n\t\t\t<div class='gallery-icon landscape'>\n\t\t\t\t<a href='http:\/\/reitverein.co.at\/?attachment_id=338'><img loading=\"lazy\" decoding=\"async\" width=\"150\" height=\"150\" src=\"http:\/\/reitverein.co.at\/wp-content\/uploads\/2017\/06\/2014-10-12-14.15.57-150x150.jpg\" class=\"attachment-thumbnail size-thumbnail\" alt=\"\" aria-describedby=\"gallery-1-338\" srcset=\"http:\/\/reitverein.co.at\/wp-content\/uploads\/2017\/06\/2014-10-12-14.15.57-150x150.jpg 150w, http:\/\/reitverein.co.at\/wp-content\/uploads\/2017\/06\/2014-10-12-14.15.57-100x100.jpg 100w\" sizes=\"auto, 100vw\" \/><\/a>\n\t\t\t<\/div>\n\t\t\t\t<figcaption class='wp-caption-text gallery-caption' id='gallery-1-338'>\n\t\t\t\tStalltrakt I\n\t\t\t\t<\/figcaption><\/figure><figure class='gallery-item'>\n\t\t\t<div class='gallery-icon landscape'>\n\t\t\t\t<a href='http:\/\/reitverein.co.at\/?attachment_id=337'><img loading=\"lazy\" decoding=\"async\" width=\"150\" height=\"150\" src=\"http:\/\/reitverein.co.at\/wp-content\/uploads\/2017\/06\/waldgasse-150x150.jpg\" class=\"attachment-thumbnail size-thumbnail\" alt=\"\" aria-describedby=\"gallery-1-337\" srcset=\"http:\/\/reitverein.co.at\/wp-content\/uploads\/2017\/06\/waldgasse-150x150.jpg 150w, http:\/\/reitverein.co.at\/wp-content\/uploads\/2017\/06\/waldgasse-100x100.jpg 100w\" sizes=\"auto, 100vw\" \/><\/a>\n\t\t\t<\/div>\n\t\t\t\t<figcaption class='wp-caption-text gallery-caption' id='gallery-1-337'>\n\t\t\t\tAnlage\n\t\t\t\t<\/figcaption><\/figure><figure class='gallery-item'>\n\t\t\t<div class='gallery-icon landscape'>\n\t\t\t\t<a href='http:\/\/reitverein.co.at\/?attachment_id=336'><img loading=\"lazy\" decoding=\"async\" width=\"150\" height=\"150\" src=\"http:\/\/reitverein.co.at\/wp-content\/uploads\/2017\/06\/IMG_0183-150x150.png\" class=\"attachment-thumbnail size-thumbnail\" alt=\"\" aria-describedby=\"gallery-1-336\" srcset=\"http:\/\/reitverein.co.at\/wp-content\/uploads\/2017\/06\/IMG_0183-150x150.png 150w, http:\/\/reitverein.co.at\/wp-content\/uploads\/2017\/06\/IMG_0183-100x100.png 100w\" sizes=\"auto, 100vw\" \/><\/a>\n\t\t\t<\/div>\n\t\t\t\t<figcaption class='wp-caption-text gallery-caption' id='gallery-1-336'>\n\t\t\t\tAnlage\n\t\t\t\t<\/figcaption><\/figure>\n\t\t<\/div>\n\n<p><strong>Stalltrakt II<\/strong><br \/>\nverf\u00fcgt \u00fcber 17 Fensterboxen, einem Solarium, direkten Zugang in die gro\u00dfe Halle<\/p>\n<div id='gallery-2' class='gallery galleryid-342 gallery-columns-3 gallery-size-thumbnail'><figure class='gallery-item'>\n\t\t\t<div class='gallery-icon landscape'>\n\t\t\t\t<a href='http:\/\/reitverein.co.at\/?attachment_id=345'><img loading=\"lazy\" decoding=\"async\" width=\"150\" height=\"150\" src=\"http:\/\/reitverein.co.at\/wp-content\/uploads\/2017\/07\/35StallAu\u00dfen06_2005-150x150.jpg\" class=\"attachment-thumbnail size-thumbnail\" alt=\"\" aria-describedby=\"gallery-2-345\" srcset=\"http:\/\/reitverein.co.at\/wp-content\/uploads\/2017\/07\/35StallAu\u00dfen06_2005-150x150.jpg 150w, http:\/\/reitverein.co.at\/wp-content\/uploads\/2017\/07\/35StallAu\u00dfen06_2005-100x100.jpg 100w\" sizes=\"auto, 100vw\" \/><\/a>\n\t\t\t<\/div>\n\t\t\t\t<figcaption class='wp-caption-text gallery-caption' id='gallery-2-345'>\n\t\t\t\tStall 2\n\n\t\t\t\t<\/figcaption><\/figure><figure class='gallery-item'>\n\t\t\t<div class='gallery-icon landscape'>\n\t\t\t\t<a href='http:\/\/reitverein.co.at\/?attachment_id=344'><img loading=\"lazy\" decoding=\"async\" width=\"150\" height=\"150\" src=\"http:\/\/reitverein.co.at\/wp-content\/uploads\/2017\/07\/34_Fensterbox-150x150.jpg\" class=\"attachment-thumbnail size-thumbnail\" alt=\"\" srcset=\"http:\/\/reitverein.co.at\/wp-content\/uploads\/2017\/07\/34_Fensterbox-150x150.jpg 150w, http:\/\/reitverein.co.at\/wp-content\/uploads\/2017\/07\/34_Fensterbox-100x100.jpg 100w\" sizes=\"auto, 100vw\" \/><\/a>\n\t\t\t<\/div><\/figure><figure class='gallery-item'>\n\t\t\t<div class='gallery-icon landscape'>\n\t\t\t\t<a href='http:\/\/reitverein.co.at\/?attachment_id=349'><img loading=\"lazy\" decoding=\"async\" width=\"150\" height=\"150\" src=\"http:\/\/reitverein.co.at\/wp-content\/uploads\/2017\/07\/NN4A5337-150x150.jpg\" class=\"attachment-thumbnail size-thumbnail\" alt=\"\" aria-describedby=\"gallery-2-349\" srcset=\"http:\/\/reitverein.co.at\/wp-content\/uploads\/2017\/07\/NN4A5337-150x150.jpg 150w, http:\/\/reitverein.co.at\/wp-content\/uploads\/2017\/07\/NN4A5337-100x100.jpg 100w\" sizes=\"auto, 100vw\" \/><\/a>\n\t\t\t<\/div>\n\t\t\t\t<figcaption class='wp-caption-text gallery-caption' id='gallery-2-349'>\n\t\t\t\tStall 2\n\t\t\t\t<\/figcaption><\/figure>\n\t\t<\/div>\n\n<p><strong>Stalltrakt III<br \/>\n<\/strong> verf\u00fcgt \u00fcber 6 Fenster und 1 Innenbox. Er liegt direkt beim Sprungplatz, allerdings abgelegener zur Halle. Er eignet sich ideal als Aufzuchts- oder Pensionsplatz.<\/p>\n<div id='gallery-3' class='gallery galleryid-342 gallery-columns-3 gallery-size-thumbnail'><figure class='gallery-item'>\n\t\t\t<div class='gallery-icon landscape'>\n\t\t\t\t<a href='http:\/\/reitverein.co.at\/?attachment_id=396'><img loading=\"lazy\" decoding=\"async\" width=\"150\" height=\"150\" src=\"http:\/\/reitverein.co.at\/wp-content\/uploads\/2017\/07\/100_0552-150x150.jpg\" class=\"attachment-thumbnail size-thumbnail\" alt=\"\" aria-describedby=\"gallery-3-396\" srcset=\"http:\/\/reitverein.co.at\/wp-content\/uploads\/2017\/07\/100_0552-150x150.jpg 150w, http:\/\/reitverein.co.at\/wp-content\/uploads\/2017\/07\/100_0552-100x100.jpg 100w\" sizes=\"auto, 100vw\" \/><\/a>\n\t\t\t<\/div>\n\t\t\t\t<figcaption class='wp-caption-text gallery-caption' id='gallery-3-396'>\n\t\t\t\tStall 3\n\n\t\t\t\t<\/figcaption><\/figure><figure class='gallery-item'>\n\t\t\t<div class='gallery-icon landscape'>\n\t\t\t\t<a href='http:\/\/reitverein.co.at\/?attachment_id=397'><img loading=\"lazy\" decoding=\"async\" width=\"150\" height=\"150\" src=\"http:\/\/reitverein.co.at\/wp-content\/uploads\/2017\/07\/100_0555-150x150.jpg\" class=\"attachment-thumbnail size-thumbnail\" alt=\"\" aria-describedby=\"gallery-3-397\" srcset=\"http:\/\/reitverein.co.at\/wp-content\/uploads\/2017\/07\/100_0555-150x150.jpg 150w, http:\/\/reitverein.co.at\/wp-content\/uploads\/2017\/07\/100_0555-100x100.jpg 100w\" sizes=\"auto, 100vw\" \/><\/a>\n\t\t\t<\/div>\n\t\t\t\t<figcaption class='wp-caption-text gallery-caption' id='gallery-3-397'>\n\t\t\t\tStall 3\n\t\t\t\t<\/figcaption><\/figure><figure class='gallery-item'>\n\t\t\t<div class='gallery-icon landscape'>\n\t\t\t\t<a href='http:\/\/reitverein.co.at\/?attachment_id=395'><img loading=\"lazy\" decoding=\"async\" width=\"150\" height=\"150\" src=\"http:\/\/reitverein.co.at\/wp-content\/uploads\/2017\/07\/4-150x150.jpg\" class=\"attachment-thumbnail size-thumbnail\" alt=\"\" aria-describedby=\"gallery-3-395\" srcset=\"http:\/\/reitverein.co.at\/wp-content\/uploads\/2017\/07\/4-150x150.jpg 150w, http:\/\/reitverein.co.at\/wp-content\/uploads\/2017\/07\/4-100x100.jpg 100w\" sizes=\"auto, 100vw\" \/><\/a>\n\t\t\t<\/div>\n\t\t\t\t<figcaption class='wp-caption-text gallery-caption' id='gallery-3-395'>\n\t\t\t\tUnterstand Koppel Stall 3\n\n\t\t\t\t<\/figcaption><\/figure><figure class='gallery-item'>\n\t\t\t<div class='gallery-icon landscape'>\n\t\t\t\t<a href='http:\/\/reitverein.co.at\/?attachment_id=399'><img loading=\"lazy\" decoding=\"async\" width=\"150\" height=\"150\" src=\"http:\/\/reitverein.co.at\/wp-content\/uploads\/2017\/07\/2014-10-12-13.37.40-150x150.jpg\" class=\"attachment-thumbnail size-thumbnail\" alt=\"\" aria-describedby=\"gallery-3-399\" srcset=\"http:\/\/reitverein.co.at\/wp-content\/uploads\/2017\/07\/2014-10-12-13.37.40-150x150.jpg 150w, http:\/\/reitverein.co.at\/wp-content\/uploads\/2017\/07\/2014-10-12-13.37.40-100x100.jpg 100w\" sizes=\"auto, 100vw\" \/><\/a>\n\t\t\t<\/div>\n\t\t\t\t<figcaption class='wp-caption-text gallery-caption' id='gallery-3-399'>\n\t\t\t\tUnterstand Koppel Stall 3\n\t\t\t\t<\/figcaption><\/figure><figure class='gallery-item'>\n\t\t\t<div class='gallery-icon landscape'>\n\t\t\t\t<a href='http:\/\/reitverein.co.at\/?attachment_id=409'><img loading=\"lazy\" decoding=\"async\" width=\"150\" height=\"150\" src=\"http:\/\/reitverein.co.at\/wp-content\/uploads\/2017\/07\/NN4A5314-150x150.jpg\" class=\"attachment-thumbnail size-thumbnail\" alt=\"\" aria-describedby=\"gallery-3-409\" srcset=\"http:\/\/reitverein.co.at\/wp-content\/uploads\/2017\/07\/NN4A5314-150x150.jpg 150w, http:\/\/reitverein.co.at\/wp-content\/uploads\/2017\/07\/NN4A5314-100x100.jpg 100w\" sizes=\"auto, 100vw\" \/><\/a>\n\t\t\t<\/div>\n\t\t\t\t<figcaption class='wp-caption-text gallery-caption' id='gallery-3-409'>\n\t\t\t\tKoppel Stall 3\n\t\t\t\t<\/figcaption><\/figure><figure class='gallery-item'>\n\t\t\t<div class='gallery-icon landscape'>\n\t\t\t\t<a href='http:\/\/reitverein.co.at\/?attachment_id=411'><img loading=\"lazy\" decoding=\"async\" width=\"150\" height=\"150\" src=\"http:\/\/reitverein.co.at\/wp-content\/uploads\/2017\/07\/NN4A5318-150x150.jpg\" class=\"attachment-thumbnail size-thumbnail\" alt=\"\" aria-describedby=\"gallery-3-411\" srcset=\"http:\/\/reitverein.co.at\/wp-content\/uploads\/2017\/07\/NN4A5318-150x150.jpg 150w, http:\/\/reitverein.co.at\/wp-content\/uploads\/2017\/07\/NN4A5318-100x100.jpg 100w\" sizes=\"auto, 100vw\" \/><\/a>\n\t\t\t<\/div>\n\t\t\t\t<figcaption class='wp-caption-text gallery-caption' id='gallery-3-411'>\n\t\t\t\tStall 3\n\t\t\t\t<\/figcaption><\/figure><figure class='gallery-item'>\n\t\t\t<div class='gallery-icon landscape'>\n\t\t\t\t<a href='http:\/\/reitverein.co.at\/?attachment_id=406'><img loading=\"lazy\" decoding=\"async\" width=\"150\" height=\"150\" src=\"http:\/\/reitverein.co.at\/wp-content\/uploads\/2017\/07\/IMG_0288-150x150.jpg\" class=\"attachment-thumbnail size-thumbnail\" alt=\"\" aria-describedby=\"gallery-3-406\" srcset=\"http:\/\/reitverein.co.at\/wp-content\/uploads\/2017\/07\/IMG_0288-150x150.jpg 150w, http:\/\/reitverein.co.at\/wp-content\/uploads\/2017\/07\/IMG_0288-100x100.jpg 100w\" sizes=\"auto, 100vw\" \/><\/a>\n\t\t\t<\/div>\n\t\t\t\t<figcaption class='wp-caption-text gallery-caption' id='gallery-3-406'>\n\t\t\t\tKoppel Stall 3\n\t\t\t\t<\/figcaption><\/figure>\n\t\t<\/div>\n\n<p><strong>Stalltrakt<\/strong> I \u00a0 \u00a0 \u00a0 \u00a0 \u00a0 \u00a0 \u00a0 \u00a0 \u00a0 \u00a0 \u00a0 \u00a0 \u00a0 \u00a0 \u00a0 \u00a0 \u00a0 \u00a0 \u00a0 \u00a0 \u00a0 \u00a0 \u00a0 \u00a0 \u00a0 \u00a0 \u00a0 \u00a0 \u00a0 \u00a0 \u00a0 \u00a0 \u00a0 \u00a0 \u00a0 \u00a0 \u00a0 \u00a0 \u00a0 \u00a0 \u00a0 \u00a0 \u00a0 \u00a0 \u00a0 \u00a0 \u00a0 \u00a0 \u00a0 \u00a0 \u00a0 \u00a0 \u00a0 \u00a0 \u00a0 \u00a0 \u00a0 \u20ac 623,00<br \/>\n<strong>Stalltrakt<\/strong> II \u00a0 \u00a0 \u00a0 \u00a0 \u00a0 \u00a0 \u00a0 \u00a0 \u00a0 \u00a0 \u00a0 \u00a0 \u00a0 \u00a0 \u00a0 \u00a0 \u00a0 \u00a0 \u00a0 \u00a0 \u00a0 \u00a0 \u00a0 \u00a0 \u00a0 \u00a0 \u00a0 \u00a0 \u00a0 \u00a0 \u00a0 \u00a0 \u00a0 \u00a0 \u00a0 \u00a0 \u00a0 \u00a0 \u00a0 \u00a0 \u00a0 \u00a0 \u00a0 \u00a0 \u00a0 \u00a0 \u00a0 \u00a0 \u00a0 \u00a0 \u00a0 \u00a0 \u00a0 \u00a0 \u00a0 \u00a0 \u00a0\u20ac 655,00<br \/>\n<strong>Stalltrakt<\/strong> III * \u00a0 \u00a0 \u00a0 \u00a0 \u00a0 \u00a0 \u00a0 \u00a0 \u00a0 \u00a0 \u00a0 \u00a0 \u00a0 \u00a0 \u00a0 \u00a0 \u00a0 \u00a0 \u00a0 \u00a0 \u00a0 \u00a0 \u00a0 \u00a0 \u00a0 \u00a0 \u00a0 \u00a0 \u00a0 \u00a0 \u00a0 \u00a0 \u00a0 \u00a0 \u00a0 \u00a0 \u00a0 \u00a0 \u00a0 \u00a0 \u00a0 \u00a0 \u00a0 \u00a0 \u00a0 \u00a0 \u00a0 \u00a0 \u00a0 \u00a0 \u00a0 \u00a0 \u00a0 \u00a0 \u00a0\u20ac 439,00<\/p>\n<p><strong>Einstellgeb\u00fchr beinhaltet:<\/strong><br \/>\nKraftfutter: Hafer, Pellets, 3 x t\u00e4glich<br \/>\nM\u00fcsli Aufpreis<br \/>\nRaufutter:\u00a0 \u00a0 Heu und Stroh, Menge nach Bedarf<br \/>\n<strong>Einstreu<\/strong>:\u00a0 \u00a0 \u00a0 S\u00e4gesp\u00e4ne<br \/>\n<strong>Ausmisten<\/strong>: 2 x t\u00e4glich<br \/>\n<strong>Koppel \/ Schrittmaschine<\/strong> pauschal \u00a0 \u00a0 \u00a0 \u00a0 \u00a0 \u00a0 \u00a0 \u00a0 \u00a0 \u00a0 \u00a0 \u00a0 \u00a0 \u00a0 \u00a0 \u00a0 \u00a0 \u00a0 \u00a0 \u00a0 \u00a0 \u00a0 \u00a0 \u00a0 \u00a0 \u00a0 \u00a0 \u00a0 \u00a0 \u00a0 \u00a0 \u20ac \u00a0 38,00<br \/>\nMontag bis Samstag<br \/>\nZus\u00e4tzliche Schrittmaschine \/ Koppel (2 x pro Tag) \u00a0 \u00a0 \u00a0 \u00a0 \u00a0 \u00a0 \u00a0 \u00a0 \u00a0 \u00a0 \u00a0 \u00a0 \u00a0 \u00a0 \u00a0 \u00a0 \u00a0\u20ac\u00a0 38,00<\/p>\n<p>*ganzt\u00e4gig Koppel, keine Schrittmaschine<\/p>\n<div id=\"page\"><\/div>\n","protected":false},"excerpt":{"rendered":"<p>Stallungen Stalltrakt \u00a0I verf\u00fcgt \u00fcber 16 Innenboxen, einem Solarium, direkten Zugang zur kleinen Halle. Stalltrakt II verf\u00fcgt \u00fcber 17 Fensterboxen, einem Solarium, direkten Zugang in die gro\u00dfe Halle Stalltrakt III verf\u00fcgt \u00fcber 6 Fenster und 1 Innenbox. Er liegt direkt beim Sprungplatz, allerdings abgelegener zur Halle. Er eignet sich ideal als Aufzuchts- oder Pensionsplatz. Stalltrakt &hellip; <\/p>\n<p class=\"link-more\"><a href=\"http:\/\/reitverein.co.at\/?page_id=342\" class=\"more-link\"><span class=\"screen-reader-text\">\u201eStallungen\u201c<\/span> weiterlesen<\/a><\/p>\n","protected":false},"author":1,"featured_media":0,"parent":10,"menu_order":1,"comment_status":"closed","ping_status":"closed","template":"","meta":{"footnotes":""},"class_list":["post-342","page","type-page","status-publish","hentry"],"_links":{"self":[{"href":"http:\/\/reitverein.co.at\/index.php?rest_route=\/wp\/v2\/pages\/342","targetHints":{"allow":["GET"]}}],"collection":[{"href":"http:\/\/reitverein.co.at\/index.php?rest_route=\/wp\/v2\/pages"}],"about":[{"href":"http:\/\/reitverein.co.at\/index.php?rest_route=\/wp\/v2\/types\/page"}],"author":[{"embeddable":true,"href":"http:\/\/reitverein.co.at\/index.php?rest_route=\/wp\/v2\/users\/1"}],"replies":[{"embeddable":true,"href":"http:\/\/reitverein.co.at\/index.php?rest_route=%2Fwp%2Fv2%2Fcomments&post=342"}],"version-history":[{"count":15,"href":"http:\/\/reitverein.co.at\/index.php?rest_route=\/wp\/v2\/pages\/342\/revisions"}],"predecessor-version":[{"id":896,"href":"http:\/\/reitverein.co.at\/index.php?rest_route=\/wp\/v2\/pages\/342\/revisions\/896"}],"up":[{"embeddable":true,"href":"http:\/\/reitverein.co.at\/index.php?rest_route=\/wp\/v2\/pages\/10"}],"wp:attachment":[{"href":"http:\/\/reitverein.co.at\/index.php?rest_route=%2Fwp%2Fv2%2Fmedia&parent=342"}],"curies":[{"name":"wp","href":"https:\/\/api.w.org\/{rel}","templated":true}]}}